{"id":143,"date":"2015-05-06T15:44:57","date_gmt":"2015-05-06T13:44:57","guid":{"rendered":"http:\/\/www.lammetun.no\/?page_id=143"},"modified":"2024-01-08T10:34:10","modified_gmt":"2024-01-08T09:34:10","slug":"lammetun-fort","status":"publish","type":"page","link":"https:\/\/www.lammetun.no\/?page_id=143","title":{"rendered":"Lammetun kystfort"},"content":{"rendered":"\n<p class=\"wp-block-paragraph\">Lammetun Kystfort har no f\u00e5tt eiga heimeside &#8211; der du kan lese end\u00e5 meir om fortet og sj\u00e5 fleire bilete m.m. Den finn du her: www.lammetunkystfort.com<\/p>\n\n\n\n<p class=\"wp-block-paragraph\">Sj\u00e5 video fr\u00e5 fortet her: <a href=\"https:\/\/youtu.be\/PB6Qupn8RZo\">https:\/\/youtu.be\/PB6Qupn8RZo<\/a><\/p>\n\n\n\n<p class=\"wp-block-paragraph\">Vi tilbyr guiding i fortet, der du f\u00e5r h\u00f8yre om lokalhistoria under 2. verdenskrig og sj\u00f8lvsgat om fortet. Book guiding her: booking@lammetun.no (for grupper p\u00e5 minimum p\u00e5 10 personar)<\/p>\n\n\n<p>Kommandobunkers:<br \/>P\u00e5 h\u00f8gste punktet i festningsanlegget fr\u00e5 2.verdskrig ligg kommandobunkersen. Inni observasjonsrommet til bunkersen (kuppelen) er landskapet m\u00e5la slik ein s\u00e5g det ute (med alle \u00f8yane uti havet) og med avstand og retning inntegna. P\u00e5 denne m\u00e5ten kunne ein raskt oppgje posisjonen til eit m\u00e5l som var observert.<br \/>Vi har sett inn glas i sprekka mellom bakken og sj\u00f8lve bunkersen for \u00e5 hindre vatn og vind inn i rommet med utsikt ut i havet. Under krigen var her ikkje glas, men trelemmar som vart brukt. Glas reflekterer i sola s\u00e5 derfor vart ikkje det nytta. Bunkersen vart d\u00e5 synleg for motstandarane.<br \/>Sj\u00f8lve kuppelen var dekka med torv slik at den ikkje skulle vise fr\u00e5 lufta. Derfor ser ein i dag at det heng metallkrokar p\u00e5 kuppelen. Dette for at den var kamuflert. P\u00e5 toppen ute er det nydeleg utsikt. Inni bunkersen kan ein g\u00e5 ei trapp inn i fjeller som f\u00f8rer ned i ein stor fjellhall. Ein kjem ut att p\u00e5 bakkeniv\u00e5.<\/p>\n<div id='gallery-1' class='gallery galleryid-143 gallery-columns-3 gallery-size-thumbnail'><figure class='gallery-item'>\n\t\t\t<div class='gallery-icon portrait'>\n\t\t\t\t<a href='https:\/\/www.lammetun.no\/?attachment_id=141'><img decoding=\"async\" width=\"150\" height=\"150\" src=\"https:\/\/www.lammetun.no\/wp-content\/uploads\/2015\/05\/wpid-20150503_214925-150x150.jpg\" class=\"attachment-thumbnail size-thumbnail\" alt=\"\" srcset=\"https:\/\/www.lammetun.no\/wp-content\/uploads\/2015\/05\/wpid-20150503_214925-150x150.jpg 150w, https:\/\/www.lammetun.no\/wp-content\/uploads\/2015\/05\/wpid-20150503_214925-300x300.jpg 300w, https:\/\/www.lammetun.no\/wp-content\/uploads\/2015\/05\/wpid-20150503_214925-100x100.jpg 100w\" sizes=\"(max-width: 150px) 100vw, 150px\" \/><\/a>\n\t\t\t<\/div><\/figure>\n\t\t<\/div>\n\n<p>N\u00e5r ein g\u00e5r vidare s\u00f8r-vest for kommandobunkersen\u00a0 kjem du til &laquo;Ammunisjonsbunkersen&raquo;. Den vart som du h\u00f8yrer i namnet brukt til \u00e5 lagre ammunisjon mm.<\/p>\n<div id='gallery-2' class='gallery galleryid-143 gallery-columns-3 gallery-size-thumbnail'><figure class='gallery-item'>\n\t\t\t<div class='gallery-icon portrait'>\n\t\t\t\t<a href='https:\/\/www.lammetun.no\/?attachment_id=185'><img decoding=\"async\" width=\"150\" height=\"150\" src=\"https:\/\/www.lammetun.no\/wp-content\/uploads\/2015\/07\/wpid-20150710_141356-150x150.jpg\" class=\"attachment-thumbnail size-thumbnail\" alt=\"\" srcset=\"https:\/\/www.lammetun.no\/wp-content\/uploads\/2015\/07\/wpid-20150710_141356-150x150.jpg 150w, https:\/\/www.lammetun.no\/wp-content\/uploads\/2015\/07\/wpid-20150710_141356-300x300.jpg 300w, https:\/\/www.lammetun.no\/wp-content\/uploads\/2015\/07\/wpid-20150710_141356-100x100.jpg 100w\" sizes=\"(max-width: 150px) 100vw, 150px\" \/><\/a>\n\t\t\t<\/div><\/figure><figure class='gallery-item'>\n\t\t\t<div class='gallery-icon portrait'>\n\t\t\t\t<a href='https:\/\/www.lammetun.no\/?attachment_id=142'><img decoding=\"async\" width=\"150\" height=\"150\" src=\"https:\/\/www.lammetun.no\/wp-content\/uploads\/2015\/05\/wpid-20150504_212753-150x150.jpg\" class=\"attachment-thumbnail size-thumbnail\" alt=\"\" srcset=\"https:\/\/www.lammetun.no\/wp-content\/uploads\/2015\/05\/wpid-20150504_212753-150x150.jpg 150w, https:\/\/www.lammetun.no\/wp-content\/uploads\/2015\/05\/wpid-20150504_212753-300x300.jpg 300w, https:\/\/www.lammetun.no\/wp-content\/uploads\/2015\/05\/wpid-20150504_212753-100x100.jpg 100w\" sizes=\"(max-width: 150px) 100vw, 150px\" \/><\/a>\n\t\t\t<\/div><\/figure>\n\t\t<\/div>\n\n<p>Kanonstilling:<br \/>Vi har fire kanonstillingar p\u00e5 omr\u00e5det til Lammetun kystfort. Den eine ligg i n\u00e6rleiken av kommandobunkersen. Dei tre andre ligg s\u00f8r-vest for kommandobunkersen, ca. 300 meter unna i luftlinje. Kanonstillinga du ser p\u00e5 bilete har som dei andre innfeldt kompass som vart brukt for \u00e5 stille inn kanona slik at den fekk rette vinkelen for kvar ein skulle treffe. F\u00f8r var ein sirkel inndelt i 400 grader mot dagens 360.<\/p>\n<p>I hovudbunkersen har vi no laga til utstilling av bilete fr\u00e5 2. verdskrig. Her kjem det og til \u00e5 kome utstilling av gjenstandar fr\u00e5 krigstida.<\/p>\n<div id='gallery-3' class='gallery galleryid-143 gallery-columns-3 gallery-size-thumbnail'><figure class='gallery-item'>\n\t\t\t<div class='gallery-icon portrait'>\n\t\t\t\t<a href='https:\/\/www.lammetun.no\/?attachment_id=468'><img loading=\"lazy\" decoding=\"async\" width=\"150\" height=\"150\" src=\"https:\/\/www.lammetun.no\/wp-content\/uploads\/2015\/05\/20160718_133616-150x150.jpg\" class=\"attachment-thumbnail size-thumbnail\" alt=\"\" srcset=\"https:\/\/www.lammetun.no\/wp-content\/uploads\/2015\/05\/20160718_133616-150x150.jpg 150w, https:\/\/www.lammetun.no\/wp-content\/uploads\/2015\/05\/20160718_133616-300x300.jpg 300w, https:\/\/www.lammetun.no\/wp-content\/uploads\/2015\/05\/20160718_133616-100x100.jpg 100w\" sizes=\"(max-width: 150px) 100vw, 150px\" \/><\/a>\n\t\t\t<\/div><\/figure>\n\t\t<\/div>\n\n<p>I omr\u00e5de har vi sett ut bord og benkar slik at ein kan sette seg og slappe av i det vakre omr\u00e5de som er her. Ta med deg lunsj og nyt den p\u00e5 Lammetun.<\/p>\n<div id='gallery-4' class='gallery galleryid-143 gallery-columns-3 gallery-size-thumbnail'><figure class='gallery-item'>\n\t\t\t<div class='gallery-icon portrait'>\n\t\t\t\t<a href='https:\/\/www.lammetun.no\/?attachment_id=188'><img loading=\"lazy\" decoding=\"async\" width=\"150\" height=\"150\" src=\"https:\/\/www.lammetun.no\/wp-content\/uploads\/2015\/07\/wpid-20150710_131954-150x150.jpg\" class=\"attachment-thumbnail size-thumbnail\" alt=\"\" srcset=\"https:\/\/www.lammetun.no\/wp-content\/uploads\/2015\/07\/wpid-20150710_131954-150x150.jpg 150w, https:\/\/www.lammetun.no\/wp-content\/uploads\/2015\/07\/wpid-20150710_131954-300x300.jpg 300w, https:\/\/www.lammetun.no\/wp-content\/uploads\/2015\/07\/wpid-20150710_131954-100x100.jpg 100w\" sizes=\"(max-width: 150px) 100vw, 150px\" \/><\/a>\n\t\t\t<\/div><\/figure><figure class='gallery-item'>\n\t\t\t<div class='gallery-icon portrait'>\n\t\t\t\t<a href='https:\/\/www.lammetun.no\/?attachment_id=187'><img loading=\"lazy\" decoding=\"async\" width=\"150\" height=\"150\" src=\"https:\/\/www.lammetun.no\/wp-content\/uploads\/2015\/07\/wpid-20150710_132354-150x150.jpg\" class=\"attachment-thumbnail size-thumbnail\" alt=\"\" srcset=\"https:\/\/www.lammetun.no\/wp-content\/uploads\/2015\/07\/wpid-20150710_132354-150x150.jpg 150w, https:\/\/www.lammetun.no\/wp-content\/uploads\/2015\/07\/wpid-20150710_132354-300x300.jpg 300w, https:\/\/www.lammetun.no\/wp-content\/uploads\/2015\/07\/wpid-20150710_132354-100x100.jpg 100w\" sizes=\"(max-width: 150px) 100vw, 150px\" \/><\/a>\n\t\t\t<\/div><\/figure><figure class='gallery-item'>\n\t\t\t<div class='gallery-icon portrait'>\n\t\t\t\t<a href='https:\/\/www.lammetun.no\/?attachment_id=186'><img loading=\"lazy\" decoding=\"async\" width=\"150\" height=\"150\" src=\"https:\/\/www.lammetun.no\/wp-content\/uploads\/2015\/07\/wpid-20150710_141922-150x150.jpg\" class=\"attachment-thumbnail size-thumbnail\" alt=\"\" srcset=\"https:\/\/www.lammetun.no\/wp-content\/uploads\/2015\/07\/wpid-20150710_141922-150x150.jpg 150w, https:\/\/www.lammetun.no\/wp-content\/uploads\/2015\/07\/wpid-20150710_141922-300x300.jpg 300w, https:\/\/www.lammetun.no\/wp-content\/uploads\/2015\/07\/wpid-20150710_141922-100x100.jpg 100w\" sizes=\"(max-width: 150px) 100vw, 150px\" \/><\/a>\n\t\t\t<\/div><\/figure>\n\t\t<\/div>\n\n<p><a href=\"http:\/\/www.lammetun.no\/?page_id=580\">Du kan lese meir om Lammetun kystfort her.<\/a><\/p>\n<hr \/>\n<p>Set du p\u00e5 informasjon om Lammetun Kystfort eller om korleis det var her i omr\u00e5det under 2. verdskrig? Eller kanskje du har bilete fr\u00e5 krigen fr\u00e5 Omr\u00e5det Fjaler\/Hyllestad\/Askvoll?<br \/>S\u00e5 ta gjerne kontakt med oss! \ud83d\ude42<br \/>Epost: Sigrunn@lammetun.no<br \/>Tlf. +47 90 65 24 90<\/p>","protected":false},"excerpt":{"rendered":"<p>Lammetun Kystfort har no f\u00e5tt eiga heimeside &#8211; der du kan lese end\u00e5 meir om fortet og sj\u00e5 fleire bilete m.m. Den finn du her: www.lammetunkystfort.com Sj\u00e5 video fr\u00e5 fortet her: https:\/\/youtu.be\/PB6Qupn8RZo Vi tilbyr guiding i fortet, der du f\u00e5r h\u00f8yre om lokalhistoria under 2. verdenskrig og sj\u00f8lvsgat om fortet. Book guiding her: booking@lammetun.no (for &hellip; <\/p>\n","protected":false},"author":1,"featured_media":626,"parent":0,"menu_order":0,"comment_status":"closed","ping_status":"closed","template":"","meta":{"_crdt_document":"","footnotes":""},"class_list":["post-143","page","type-page","status-publish","has-post-thumbnail","hentry"],"yoast_head":"<!-- This site is optimized with the Yoast SEO plugin v27.5 - https:\/\/yoast.com\/product\/yoast-seo-wordpress\/ -->\n<title>Lammetun kystfort - Lammetun Ferie &amp; Fritid<\/title>\n<meta name=\"description\" content=\"Lammetun Kystfort er eit av de best vedlikeholdte fortene i Norge. Utstilling av bilder fra 2. verdenskrig fra lokalomr\u00e5det.\" \/>\n<meta name=\"robots\" content=\"index, follow, max-snippet:-1, max-image-preview:large, max-video-preview:-1\" \/>\n<link rel=\"canonical\" href=\"https:\/\/www.lammetun.no\/?page_id=143\" \/>\n<meta property=\"og:locale\" content=\"nb_NO\" \/>\n<meta property=\"og:type\" content=\"article\" \/>\n<meta property=\"og:title\" content=\"Lammetun kystfort - Lammetun Ferie &amp; Fritid\" \/>\n<meta property=\"og:description\" content=\"Lammetun Kystfort er eit av de best vedlikeholdte fortene i Norge. Utstilling av bilder fra 2. verdenskrig fra lokalomr\u00e5det.\" \/>\n<meta property=\"og:url\" content=\"https:\/\/www.lammetun.no\/?page_id=143\" \/>\n<meta property=\"og:site_name\" content=\"Lammetun Ferie &amp; Fritid\" \/>\n<meta property=\"article:publisher\" content=\"https:\/\/www.facebook.com\/lammetun.no\/\" \/>\n<meta property=\"article:modified_time\" content=\"2024-01-08T09:34:10+00:00\" \/>\n<meta property=\"og:image\" content=\"https:\/\/www.lammetun.no\/wp-content\/uploads\/2015\/05\/Fortet.jpg\" \/>\n\t<meta property=\"og:image:width\" content=\"1020\" \/>\n\t<meta property=\"og:image:height\" content=\"365\" \/>\n\t<meta property=\"og:image:type\" content=\"image\/jpeg\" \/>\n<meta name=\"twitter:card\" content=\"summary_large_image\" \/>\n<meta name=\"twitter:label1\" content=\"Ansl. lesetid\" \/>\n\t<meta name=\"twitter:data1\" content=\"3 minutter\" \/>\n<script type=\"application\/ld+json\" class=\"yoast-schema-graph\">{\"@context\":\"https:\\\/\\\/schema.org\",\"@graph\":[{\"@type\":\"WebPage\",\"@id\":\"https:\\\/\\\/www.lammetun.no\\\/?page_id=143\",\"url\":\"https:\\\/\\\/www.lammetun.no\\\/?page_id=143\",\"name\":\"Lammetun kystfort - Lammetun Ferie &amp; Fritid\",\"isPartOf\":{\"@id\":\"https:\\\/\\\/www.lammetun.no\\\/#website\"},\"primaryImageOfPage\":{\"@id\":\"https:\\\/\\\/www.lammetun.no\\\/?page_id=143#primaryimage\"},\"image\":{\"@id\":\"https:\\\/\\\/www.lammetun.no\\\/?page_id=143#primaryimage\"},\"thumbnailUrl\":\"https:\\\/\\\/www.lammetun.no\\\/wp-content\\\/uploads\\\/2015\\\/05\\\/Fortet.jpg\",\"datePublished\":\"2015-05-06T13:44:57+00:00\",\"dateModified\":\"2024-01-08T09:34:10+00:00\",\"description\":\"Lammetun Kystfort er eit av de best vedlikeholdte fortene i Norge. Utstilling av bilder fra 2. verdenskrig fra lokalomr\u00e5det.\",\"breadcrumb\":{\"@id\":\"https:\\\/\\\/www.lammetun.no\\\/?page_id=143#breadcrumb\"},\"inLanguage\":\"nb-NO\",\"potentialAction\":[{\"@type\":\"ReadAction\",\"target\":[\"https:\\\/\\\/www.lammetun.no\\\/?page_id=143\"]}]},{\"@type\":\"ImageObject\",\"inLanguage\":\"nb-NO\",\"@id\":\"https:\\\/\\\/www.lammetun.no\\\/?page_id=143#primaryimage\",\"url\":\"https:\\\/\\\/www.lammetun.no\\\/wp-content\\\/uploads\\\/2015\\\/05\\\/Fortet.jpg\",\"contentUrl\":\"https:\\\/\\\/www.lammetun.no\\\/wp-content\\\/uploads\\\/2015\\\/05\\\/Fortet.jpg\",\"width\":1020,\"height\":365},{\"@type\":\"BreadcrumbList\",\"@id\":\"https:\\\/\\\/www.lammetun.no\\\/?page_id=143#breadcrumb\",\"itemListElement\":[{\"@type\":\"ListItem\",\"position\":1,\"name\":\"Hjem\",\"item\":\"https:\\\/\\\/www.lammetun.no\\\/\"},{\"@type\":\"ListItem\",\"position\":2,\"name\":\"Lammetun kystfort\"}]},{\"@type\":\"WebSite\",\"@id\":\"https:\\\/\\\/www.lammetun.no\\\/#website\",\"url\":\"https:\\\/\\\/www.lammetun.no\\\/\",\"name\":\"Lammetun Ferie & Fritid\",\"description\":\"- ei perle i vest\",\"potentialAction\":[{\"@type\":\"SearchAction\",\"target\":{\"@type\":\"EntryPoint\",\"urlTemplate\":\"https:\\\/\\\/www.lammetun.no\\\/?s={search_term_string}\"},\"query-input\":{\"@type\":\"PropertyValueSpecification\",\"valueRequired\":true,\"valueName\":\"search_term_string\"}}],\"inLanguage\":\"nb-NO\"}]}<\/script>\n<!-- \/ Yoast SEO plugin. -->","yoast_head_json":{"title":"Lammetun kystfort - Lammetun Ferie &amp; Fritid","description":"Lammetun Kystfort er eit av de best vedlikeholdte fortene i Norge. Utstilling av bilder fra 2. verdenskrig fra lokalomr\u00e5det.","robots":{"index":"index","follow":"follow","max-snippet":"max-snippet:-1","max-image-preview":"max-image-preview:large","max-video-preview":"max-video-preview:-1"},"canonical":"https:\/\/www.lammetun.no\/?page_id=143","og_locale":"nb_NO","og_type":"article","og_title":"Lammetun kystfort - Lammetun Ferie &amp; Fritid","og_description":"Lammetun Kystfort er eit av de best vedlikeholdte fortene i Norge. Utstilling av bilder fra 2. verdenskrig fra lokalomr\u00e5det.","og_url":"https:\/\/www.lammetun.no\/?page_id=143","og_site_name":"Lammetun Ferie &amp; Fritid","article_publisher":"https:\/\/www.facebook.com\/lammetun.no\/","article_modified_time":"2024-01-08T09:34:10+00:00","og_image":[{"width":1020,"height":365,"url":"https:\/\/www.lammetun.no\/wp-content\/uploads\/2015\/05\/Fortet.jpg","type":"image\/jpeg"}],"twitter_card":"summary_large_image","twitter_misc":{"Ansl. lesetid":"3 minutter"},"schema":{"@context":"https:\/\/schema.org","@graph":[{"@type":"WebPage","@id":"https:\/\/www.lammetun.no\/?page_id=143","url":"https:\/\/www.lammetun.no\/?page_id=143","name":"Lammetun kystfort - Lammetun Ferie &amp; Fritid","isPartOf":{"@id":"https:\/\/www.lammetun.no\/#website"},"primaryImageOfPage":{"@id":"https:\/\/www.lammetun.no\/?page_id=143#primaryimage"},"image":{"@id":"https:\/\/www.lammetun.no\/?page_id=143#primaryimage"},"thumbnailUrl":"https:\/\/www.lammetun.no\/wp-content\/uploads\/2015\/05\/Fortet.jpg","datePublished":"2015-05-06T13:44:57+00:00","dateModified":"2024-01-08T09:34:10+00:00","description":"Lammetun Kystfort er eit av de best vedlikeholdte fortene i Norge. Utstilling av bilder fra 2. verdenskrig fra lokalomr\u00e5det.","breadcrumb":{"@id":"https:\/\/www.lammetun.no\/?page_id=143#breadcrumb"},"inLanguage":"nb-NO","potentialAction":[{"@type":"ReadAction","target":["https:\/\/www.lammetun.no\/?page_id=143"]}]},{"@type":"ImageObject","inLanguage":"nb-NO","@id":"https:\/\/www.lammetun.no\/?page_id=143#primaryimage","url":"https:\/\/www.lammetun.no\/wp-content\/uploads\/2015\/05\/Fortet.jpg","contentUrl":"https:\/\/www.lammetun.no\/wp-content\/uploads\/2015\/05\/Fortet.jpg","width":1020,"height":365},{"@type":"BreadcrumbList","@id":"https:\/\/www.lammetun.no\/?page_id=143#breadcrumb","itemListElement":[{"@type":"ListItem","position":1,"name":"Hjem","item":"https:\/\/www.lammetun.no\/"},{"@type":"ListItem","position":2,"name":"Lammetun kystfort"}]},{"@type":"WebSite","@id":"https:\/\/www.lammetun.no\/#website","url":"https:\/\/www.lammetun.no\/","name":"Lammetun Ferie & Fritid","description":"- ei perle i vest","potentialAction":[{"@type":"SearchAction","target":{"@type":"EntryPoint","urlTemplate":"https:\/\/www.lammetun.no\/?s={search_term_string}"},"query-input":{"@type":"PropertyValueSpecification","valueRequired":true,"valueName":"search_term_string"}}],"inLanguage":"nb-NO"}]}},"_links":{"self":[{"href":"https:\/\/www.lammetun.no\/index.php?rest_route=\/wp\/v2\/pages\/143","targetHints":{"allow":["GET"]}}],"collection":[{"href":"https:\/\/www.lammetun.no\/index.php?rest_route=\/wp\/v2\/pages"}],"about":[{"href":"https:\/\/www.lammetun.no\/index.php?rest_route=\/wp\/v2\/types\/page"}],"author":[{"embeddable":true,"href":"https:\/\/www.lammetun.no\/index.php?rest_route=\/wp\/v2\/users\/1"}],"replies":[{"embeddable":true,"href":"https:\/\/www.lammetun.no\/index.php?rest_route=%2Fwp%2Fv2%2Fcomments&post=143"}],"version-history":[{"count":15,"href":"https:\/\/www.lammetun.no\/index.php?rest_route=\/wp\/v2\/pages\/143\/revisions"}],"predecessor-version":[{"id":15711,"href":"https:\/\/www.lammetun.no\/index.php?rest_route=\/wp\/v2\/pages\/143\/revisions\/15711"}],"wp:featuredmedia":[{"embeddable":true,"href":"https:\/\/www.lammetun.no\/index.php?rest_route=\/wp\/v2\/media\/626"}],"wp:attachment":[{"href":"https:\/\/www.lammetun.no\/index.php?rest_route=%2Fwp%2Fv2%2Fmedia&parent=143"}],"curies":[{"name":"wp","href":"https:\/\/api.w.org\/{rel}","templated":true}]}}